{"id":6028,"date":"2023-11-23T17:43:38","date_gmt":"2023-11-23T16:43:38","guid":{"rendered":"https:\/\/www.milanpublictransportation.com\/transferts-depuis-laeroport\/aeroport-de-bergame\/"},"modified":"2023-11-29T12:35:24","modified_gmt":"2023-11-29T11:35:24","slug":"aeroport-de-bergame","status":"publish","type":"page","link":"https:\/\/www.milanpublictransportation.com\/fr\/transferts-depuis-laeroport\/aeroport-de-bergame\/","title":{"rendered":"A\u00e9roport de Bergame"},"content":{"rendered":"\t\t<div data-elementor-type=\"wp-page\" data-elementor-id=\"6028\" class=\"elementor elementor-6028 elementor-4767\" data-elementor-post-type=\"page\">\n\t\t\t\t\t\t\t<div class=\"elementor-element elementor-element-a9f08b6 e-flex e-con-boxed e-con e-parent\" data-id=\"a9f08b6\" data-element_type=\"container\" data-settings=\"{&quot;background_background&quot;:&quot;classic&quot;,&quot;content_width&quot;:&quot;boxed&quot;}\" data-core-v316-plus=\"true\">\n\t\t\t\t\t<div class=\"e-con-inner\">\n\t\t<div class=\"elementor-element elementor-element-02942d9 e-con-full e-flex e-con e-child\" data-id=\"02942d9\" data-element_type=\"container\" data-settings=\"{&quot;content_width&quot;:&quot;full&quot;,&quot;background_background&quot;:&quot;classic&quot;}\">\n\t\t\t\t<div class=\"elementor-element elementor-element-c1fe0ad elementor-widget elementor-widget-shortcode\" data-id=\"c1fe0ad\" data-element_type=\"widget\" data-widget_type=\"shortcode.default\">\n\t\t\t\t<div class=\"elementor-widget-container\">\n\t\t\t\t\t<div class=\"elementor-shortcode\"><nav aria-label=\"breadcrumbs\" class=\"rank-math-breadcrumb\"><p><span class=\"last\">Milan Public Transportation<\/span><\/p><\/nav><\/div>\n\t\t\t\t<\/div>\n\t\t\t\t<\/div>\n\t\t\t\t<div class=\"elementor-element elementor-element-5456812 elementor-widget elementor-widget-heading\" data-id=\"5456812\" data-element_type=\"widget\" data-widget_type=\"heading.default\">\n\t\t\t\t<div class=\"elementor-widget-container\">\n\t\t\t<style>\/*! elementor - v3.18.0 - 20-12-2023 *\/\n.elementor-heading-title{padding:0;margin:0;line-height:1}.elementor-widget-heading .elementor-heading-title[class*=elementor-size-]>a{color:inherit;font-size:inherit;line-height:inherit}.elementor-widget-heading .elementor-heading-title.elementor-size-small{font-size:15px}.elementor-widget-heading .elementor-heading-title.elementor-size-medium{font-size:19px}.elementor-widget-heading .elementor-heading-title.elementor-size-large{font-size:29px}.elementor-widget-heading .elementor-heading-title.elementor-size-xl{font-size:39px}.elementor-widget-heading .elementor-heading-title.elementor-size-xxl{font-size:59px}<\/style><h1 class=\"elementor-heading-title elementor-size-default\">A\u00e9roport de Bergame<\/h1>\t\t<\/div>\n\t\t\t\t<\/div>\n\t\t\t\t<div class=\"elementor-element elementor-element-67cca1e elementor-widget elementor-widget-text-editor\" data-id=\"67cca1e\" data-element_type=\"widget\" data-widget_type=\"text-editor.default\">\n\t\t\t\t<div class=\"elementor-widget-container\">\n\t\t\t<style>\/*! elementor - v3.18.0 - 20-12-2023 *\/\n.elementor-widget-text-editor.elementor-drop-cap-view-stacked .elementor-drop-cap{background-color:#69727d;color:#fff}.elementor-widget-text-editor.elementor-drop-cap-view-framed .elementor-drop-cap{color:#69727d;border:3px solid;background-color:transparent}.elementor-widget-text-editor:not(.elementor-drop-cap-view-default) .elementor-drop-cap{margin-top:8px}.elementor-widget-text-editor:not(.elementor-drop-cap-view-default) .elementor-drop-cap-letter{width:1em;height:1em}.elementor-widget-text-editor .elementor-drop-cap{float:left;text-align:center;line-height:1;font-size:50px}.elementor-widget-text-editor .elementor-drop-cap-letter{display:inline-block}<\/style>\t\t\t\t<p>L&#8217;a\u00e9roport de Bergame (BGY), officiellement connu sous le nom d&#8217;a\u00e9roport d&#8217;<strong>Orio Al Serio<\/strong> en raison de sa localisation dans la municipalit\u00e9 d&#8217;Orio al Serio, sert de <strong>principal hub pour les compagnies a\u00e9riennes \u00e0 bas co\u00fbts<\/strong> desservant la r\u00e9gion de Milan.<\/p>\n\t\t\t\t\t\t<\/div>\n\t\t\t\t<\/div>\n\t\t\t\t<\/div>\n\t\t\t\t\t<\/div>\n\t\t\t\t<\/div>\n\t\t<div class=\"elementor-element elementor-element-23183d6 e-flex e-con-boxed e-con e-parent\" data-id=\"23183d6\" data-element_type=\"container\" data-settings=\"{&quot;background_background&quot;:&quot;classic&quot;,&quot;content_width&quot;:&quot;boxed&quot;}\" data-core-v316-plus=\"true\">\n\t\t\t\t\t<div class=\"e-con-inner\">\n\t\t<div class=\"elementor-element elementor-element-6ae3ab7 border-title e-con-full e-flex e-con e-child\" data-id=\"6ae3ab7\" data-element_type=\"container\" data-settings=\"{&quot;content_width&quot;:&quot;full&quot;}\">\n\t\t\t\t<div class=\"elementor-element elementor-element-84c0949 elementor-widget elementor-widget-heading\" data-id=\"84c0949\" data-element_type=\"widget\" data-widget_type=\"heading.default\">\n\t\t\t\t<div class=\"elementor-widget-container\">\n\t\t\t<h2 class=\"elementor-heading-title elementor-size-default\">Plus de 13 millions de passagers par an<\/h2>\t\t<\/div>\n\t\t\t\t<\/div>\n\t\t\t\t<div class=\"elementor-element elementor-element-d8cba3e elementor-widget__width-initial elementor-widget elementor-widget-text-editor\" data-id=\"d8cba3e\" data-element_type=\"widget\" data-widget_type=\"text-editor.default\">\n\t\t\t\t<div class=\"elementor-widget-container\">\n\t\t\t\t\t\t\t<p><strong>Situated \u00e0 30 miles<\/strong> (<strong>45 km<\/strong>) <strong>du centre-ville<\/strong>, l&#8217;a\u00e9roport de Bergame rivalise en distance avec l&#8217;a\u00e9roport international majeur de Milan, l&#8217;a\u00e9roport de Malpensa.<\/p>\n<p><strong>L&#8217;a\u00e9roport d&#8217;Orio Al Serio<\/strong> a connu une croissance, attribu\u00e9e \u00e0 la pr\u00e9sence de transporteurs \u00e0 bas co\u00fbts tels que Ryanair et EasyJet, accueillant plus de 13 millions de passagers chaque ann\u00e9e.<\/p>\n\t\t\t\t\t\t<\/div>\n\t\t\t\t<\/div>\n\t\t\t\t<\/div>\n\t\t<div class=\"elementor-element elementor-element-c65022b border-title e-con-full e-flex e-con e-child\" data-id=\"c65022b\" data-element_type=\"container\" data-settings=\"{&quot;content_width&quot;:&quot;full&quot;}\">\n\t\t\t\t<div class=\"elementor-element elementor-element-fc5853c elementor-widget elementor-widget-image\" data-id=\"fc5853c\" data-element_type=\"widget\" data-widget_type=\"image.default\">\n\t\t\t\t<div class=\"elementor-widget-container\">\n\t\t\t<style>\/*! elementor - v3.18.0 - 20-12-2023 *\/\n.elementor-widget-image{text-align:center}.elementor-widget-image a{display:inline-block}.elementor-widget-image a img[src$=\".svg\"]{width:48px}.elementor-widget-image img{vertical-align:middle;display:inline-block}<\/style>\t\t\t\t\t\t\t\t\t\t\t\t<img fetchpriority=\"high\" decoding=\"async\" width=\"800\" height=\"533\" src=\"https:\/\/www.milanpublictransportation.com\/wp-content\/uploads\/2023\/11\/milan_public_transportation_30.jpg\" class=\"attachment-large size-large wp-image-5617\" alt=\"\" srcset=\"https:\/\/www.milanpublictransportation.com\/wp-content\/uploads\/2023\/11\/milan_public_transportation_30.jpg 900w, https:\/\/www.milanpublictransportation.com\/wp-content\/uploads\/2023\/11\/milan_public_transportation_30-300x200.jpg 300w, https:\/\/www.milanpublictransportation.com\/wp-content\/uploads\/2023\/11\/milan_public_transportation_30-768x512.jpg 768w, https:\/\/www.milanpublictransportation.com\/wp-content\/uploads\/2023\/11\/milan_public_transportation_30-600x400.jpg 600w\" sizes=\"(max-width: 800px) 100vw, 800px\" \/>\t\t\t\t\t\t\t\t\t\t\t\t\t\t\t<\/div>\n\t\t\t\t<\/div>\n\t\t\t\t<\/div>\n\t\t\t\t\t<\/div>\n\t\t\t\t<\/div>\n\t\t<div class=\"elementor-element elementor-element-aa34345 e-flex e-con-boxed e-con e-parent\" data-id=\"aa34345\" data-element_type=\"container\" data-settings=\"{&quot;content_width&quot;:&quot;boxed&quot;}\" data-core-v316-plus=\"true\">\n\t\t\t\t\t<div class=\"e-con-inner\">\n\t\t<div class=\"elementor-element elementor-element-ae4627e e-flex e-con-boxed e-con e-child\" data-id=\"ae4627e\" data-element_type=\"container\" data-settings=\"{&quot;content_width&quot;:&quot;boxed&quot;}\">\n\t\t\t\t\t<div class=\"e-con-inner\">\n\t\t\t\t<div class=\"elementor-element elementor-element-b28e097 elementor-widget__width-inherit elementor-widget elementor-widget-heading\" data-id=\"b28e097\" data-element_type=\"widget\" data-widget_type=\"heading.default\">\n\t\t\t\t<div class=\"elementor-widget-container\">\n\t\t\t<h2 class=\"elementor-heading-title elementor-size-default\">Pour se rendre \u00e0 Milan depuis l'a\u00e9roport de Bergame:<\/h2>\t\t<\/div>\n\t\t\t\t<\/div>\n\t\t\t\t<div class=\"elementor-element elementor-element-bc8cdb7 elementor-widget__width-inherit elementor-widget elementor-widget-heading\" data-id=\"bc8cdb7\" data-element_type=\"widget\" data-widget_type=\"heading.default\">\n\t\t\t\t<div class=\"elementor-widget-container\">\n\t\t\t<h3 class=\"elementor-heading-title elementor-size-default\">Autostradale \u2013 bus terravision<\/h3>\t\t<\/div>\n\t\t\t\t<\/div>\n\t\t\t\t<div class=\"elementor-element elementor-element-acebd57 elementor-widget__width-inherit elementor-widget elementor-widget-text-editor\" data-id=\"acebd57\" data-element_type=\"widget\" data-widget_type=\"text-editor.default\">\n\t\t\t\t<div class=\"elementor-widget-container\">\n\t\t\t\t\t\t\t<p>Les bus Terravision offrent <strong>le transit le plus \u00e9conomique<\/strong> de l&#8217;a\u00e9roport de Bergame \u00e0 Milan (gare ferroviaire Milano Centrale \u2013 Piazza Luigi Savoia). Un billet simple co\u00fbte 10 \u20ac, avec une option pour un billet aller-retour \u00e0 18 \u20ac.<\/p>\n<p>En fonction <strong>de 4 h \u00e0 1 h<\/strong>, ces bus partent <strong>toutes les 20 \u00e0 30 minutes<\/strong>. Les services de retour depuis Milan fonctionnent de 2 h 15 \u00e0 22 h 10, le trajet prenant environ 1 heure. R\u00e9servez vos billets sur leur site Web pour b\u00e9n\u00e9ficier de <strong>r\u00e9ductions en ligne<\/strong>.<\/p>\n\t\t\t\t\t\t<\/div>\n\t\t\t\t<\/div>\n\t\t\t\t\t<\/div>\n\t\t\t\t<\/div>\n\t\t<div class=\"elementor-element elementor-element-d4f8d38 e-flex e-con-boxed e-con e-child\" data-id=\"d4f8d38\" data-element_type=\"container\" data-settings=\"{&quot;content_width&quot;:&quot;boxed&quot;}\">\n\t\t\t\t\t<div class=\"e-con-inner\">\n\t\t\t\t<div class=\"elementor-element elementor-element-86e227f elementor-widget__width-inherit elementor-widget elementor-widget-heading\" data-id=\"86e227f\" data-element_type=\"widget\" data-widget_type=\"heading.default\">\n\t\t\t\t<div class=\"elementor-widget-container\">\n\t\t\t<h3 class=\"elementor-heading-title elementor-size-default\">Orio Shuttle<\/h3>\t\t<\/div>\n\t\t\t\t<\/div>\n\t\t\t\t<div class=\"elementor-element elementor-element-d4b5070 elementor-widget__width-inherit elementor-widget elementor-widget-text-editor\" data-id=\"d4b5070\" data-element_type=\"widget\" data-widget_type=\"text-editor.default\">\n\t\t\t\t<div class=\"elementor-widget-container\">\n\t\t\t\t\t\t\t<p>Orio Shuttle assure un lien pratique entre l&#8217;a\u00e9roport de Bergame et Milano Centrale, partant <strong>toutes les 30 minutes de 3 h \u00e0 12 h<\/strong> (minuit).<\/p>\n<p>Les prix des billets simples commencent \u00e0 partir de 10 \u20ac, variant en fonction du jour. Il est conseill\u00e9 de r\u00e9server les billets \u00e0 l&#8217;avance sur leur site officiel.<\/p>\n\t\t\t\t\t\t<\/div>\n\t\t\t\t<\/div>\n\t\t\t\t\t<\/div>\n\t\t\t\t<\/div>\n\t\t<div class=\"elementor-element elementor-element-7d44d68 e-flex e-con-boxed e-con e-child\" data-id=\"7d44d68\" data-element_type=\"container\" data-settings=\"{&quot;content_width&quot;:&quot;boxed&quot;}\">\n\t\t\t\t\t<div class=\"e-con-inner\">\n\t\t\t\t<div class=\"elementor-element elementor-element-1db495f elementor-widget__width-inherit elementor-widget elementor-widget-heading\" data-id=\"1db495f\" data-element_type=\"widget\" data-widget_type=\"heading.default\">\n\t\t\t\t<div class=\"elementor-widget-container\">\n\t\t\t<h3 class=\"elementor-heading-title elementor-size-default\">Train<\/h3>\t\t<\/div>\n\t\t\t\t<\/div>\n\t\t\t\t<div class=\"elementor-element elementor-element-183fa2f elementor-widget__width-inherit elementor-widget elementor-widget-text-editor\" data-id=\"183fa2f\" data-element_type=\"widget\" data-widget_type=\"text-editor.default\">\n\t\t\t\t<div class=\"elementor-widget-container\">\n\t\t\t\t\t\t\t<p>Bien que l&#8217;a\u00e9roport de Bergame ne dispose pas d&#8217;une gare ferroviaire, les voyageurs peuvent <strong>prendre un bus jusqu&#8217;\u00e0 la gare de Bergame, puis prendre un train pour Milan<\/strong>. Bien que cette m\u00e9thode soit plus complexe, elle offre la possibilit\u00e9 d&#8217;explorer Bergame lors du voyage de retour, en fonction des consid\u00e9rations li\u00e9es aux bagages.<\/p>\n\t\t\t\t\t\t<\/div>\n\t\t\t\t<\/div>\n\t\t\t\t\t<\/div>\n\t\t\t\t<\/div>\n\t\t<div class=\"elementor-element elementor-element-0d35b0c e-flex e-con-boxed e-con e-child\" data-id=\"0d35b0c\" data-element_type=\"container\" data-settings=\"{&quot;content_width&quot;:&quot;boxed&quot;}\">\n\t\t\t\t\t<div class=\"e-con-inner\">\n\t\t\t\t<div class=\"elementor-element elementor-element-3abd248 elementor-widget__width-inherit elementor-widget elementor-widget-heading\" data-id=\"3abd248\" data-element_type=\"widget\" data-widget_type=\"heading.default\">\n\t\t\t\t<div class=\"elementor-widget-container\">\n\t\t\t<h3 class=\"elementor-heading-title elementor-size-default\">Service de transfert<\/h3>\t\t<\/div>\n\t\t\t\t<\/div>\n\t\t\t\t<div class=\"elementor-element elementor-element-30a5840 elementor-widget__width-inherit elementor-widget elementor-widget-text-editor\" data-id=\"30a5840\" data-element_type=\"widget\" data-widget_type=\"text-editor.default\">\n\t\t\t\t<div class=\"elementor-widget-container\">\n\t\t\t\t\t\t\t<p>Pour un voyage confortable et sans stress jusqu&#8217;\u00e0 votre h\u00f4tel \u00e0 Milan, envisagez de r\u00e9server un <strong>service de transfert priv\u00e9 depuis l&#8217;a\u00e9roport de Bergame<\/strong>. Un chauffeur vous attendra \u00e0 la terminal, assurant un transfert sans heurts vers votre logement.<\/p>\n<p>\u00c9vitez les probl\u00e8mes potentiels en <strong>r\u00e9servant le transfert en ligne<\/strong>, le service \u00e9tant tarif\u00e9 \u00e0 115 \u20ac (125,50 $ US).<\/p>\n\t\t\t\t\t\t<\/div>\n\t\t\t\t<\/div>\n\t\t\t\t\t<\/div>\n\t\t\t\t<\/div>\n\t\t<div class=\"elementor-element elementor-element-a7bb95e e-flex e-con-boxed e-con e-child\" data-id=\"a7bb95e\" data-element_type=\"container\" data-settings=\"{&quot;content_width&quot;:&quot;boxed&quot;}\">\n\t\t\t\t\t<div class=\"e-con-inner\">\n\t\t\t\t<div class=\"elementor-element elementor-element-a658cda elementor-widget__width-inherit elementor-widget elementor-widget-heading\" data-id=\"a658cda\" data-element_type=\"widget\" data-widget_type=\"heading.default\">\n\t\t\t\t<div class=\"elementor-widget-container\">\n\t\t\t<h3 class=\"elementor-heading-title elementor-size-default\">Taxi<\/h3>\t\t<\/div>\n\t\t\t\t<\/div>\n\t\t\t\t<div class=\"elementor-element elementor-element-cdb11d9 elementor-widget__width-inherit elementor-widget elementor-widget-text-editor\" data-id=\"cdb11d9\" data-element_type=\"widget\" data-widget_type=\"text-editor.default\">\n\t\t\t\t<div class=\"elementor-widget-container\">\n\t\t\t\t\t\t\t<p>Opter pour un taxi de l&#8217;a\u00e9roport de Bergame au centre-ville de Milan d\u00e9passe les 100 \u20ac (109,10 $ US), avec un temps de trajet d&#8217;environ 50 minutes.<\/p>\n\t\t\t\t\t\t<\/div>\n\t\t\t\t<\/div>\n\t\t\t\t\t<\/div>\n\t\t\t\t<\/div>\n\t\t\t\t\t<\/div>\n\t\t\t\t<\/div>\n\t\t<div class=\"elementor-element elementor-element-9fef54b e-flex e-con-boxed e-con e-parent\" data-id=\"9fef54b\" data-element_type=\"container\" data-settings=\"{&quot;content_width&quot;:&quot;boxed&quot;}\" data-core-v316-plus=\"true\">\n\t\t\t\t\t<div class=\"e-con-inner\">\n\t\t\t\t<div class=\"elementor-element elementor-element-219a616 elementor-widget__width-inherit elementor-widget elementor-widget-heading\" data-id=\"219a616\" data-element_type=\"widget\" data-widget_type=\"heading.default\">\n\t\t\t\t<div class=\"elementor-widget-container\">\n\t\t\t<h2 class=\"elementor-heading-title elementor-size-default\">D\u00e9couvrez les autres a\u00e9roports de Milan<\/h2>\t\t<\/div>\n\t\t\t\t<\/div>\n\t\t<div class=\"elementor-element elementor-element-1464a6b e-con-full e-flex e-con e-child\" data-id=\"1464a6b\" data-element_type=\"container\" data-settings=\"{&quot;content_width&quot;:&quot;full&quot;}\">\n\t\t\t\t<div class=\"elementor-element elementor-element-44a7af6 elementor-cta--skin-cover elementor-widget__width-initial elementor-widget elementor-widget-call-to-action\" data-id=\"44a7af6\" data-element_type=\"widget\" data-widget_type=\"call-to-action.default\">\n\t\t\t\t<div class=\"elementor-widget-container\">\n\t\t\t<link rel=\"stylesheet\" href=\"https:\/\/www.milanpublictransportation.com\/wp-content\/plugins\/elementor-pro\/assets\/css\/widget-call-to-action.min.css\">\t\t<a class=\"elementor-cta\" href=\"https:\/\/www.milanpublictransportation.com\/airport-transfers\/milan-malpensa-airport\/\">\n\t\t\t\t\t<div class=\"elementor-cta__bg-wrapper\">\n\t\t\t\t<div class=\"elementor-cta__bg elementor-bg\" style=\"background-image: url();\" role=\"img\" aria-label=\"\"><\/div>\n\t\t\t\t<div class=\"elementor-cta__bg-overlay\"><\/div>\n\t\t\t<\/div>\n\t\t\t\t\t\t\t<div class=\"elementor-cta__content\">\n\t\t\t\t\n\t\t\t\t\t\t\t\t\t<h3 class=\"elementor-cta__title elementor-cta__content-item elementor-content-item\">\n\t\t\t\t\t\tA\u00e9roport de Milan Malpensa (MXP)\t\t\t\t\t<\/h3>\n\t\t\t\t\n\t\t\t\t\t\t\t\t\t<div class=\"elementor-cta__description elementor-cta__content-item elementor-content-item\">\n\t\t\t\t\t\t<p>L'a\u00e9roport de Milan Malpensa (MXP) est <b>le plus grand a\u00e9roport international de Milan<\/b> et accueille le plus grand nombre de passagers. Chaque ann\u00e9e, plus de 28 millions de voyageurs se rendent \u00e0 Malpensa ou en partent, ce qui fait de <b>cet a\u00e9roport le deuxi\u00e8me plus important d'Italie<\/b>.<\/p>\n\t\t\t\t\t<\/div>\n\t\t\t\t\n\t\t\t\t\t\t\t<\/div>\n\t\t\t\t\t\t<\/a>\n\t\t\t\t<\/div>\n\t\t\t\t<\/div>\n\t\t\t\t<div class=\"elementor-element elementor-element-969ce98 elementor-cta--skin-cover elementor-widget__width-initial elementor-widget elementor-widget-call-to-action\" data-id=\"969ce98\" data-element_type=\"widget\" data-widget_type=\"call-to-action.default\">\n\t\t\t\t<div class=\"elementor-widget-container\">\n\t\t\t\t\t<a class=\"elementor-cta\" href=\"https:\/\/www.milanpublictransportation.com\/airport-transfers\/milan-linate-airport\/\">\n\t\t\t\t\t<div class=\"elementor-cta__bg-wrapper\">\n\t\t\t\t<div class=\"elementor-cta__bg elementor-bg\" style=\"background-image: url();\" role=\"img\" aria-label=\"\"><\/div>\n\t\t\t\t<div class=\"elementor-cta__bg-overlay\"><\/div>\n\t\t\t<\/div>\n\t\t\t\t\t\t\t<div class=\"elementor-cta__content\">\n\t\t\t\t\n\t\t\t\t\t\t\t\t\t<h3 class=\"elementor-cta__title elementor-cta__content-item elementor-content-item\">\n\t\t\t\t\t\tA\u00e9roport de Milan Linate (LIN)\t\t\t\t\t<\/h3>\n\t\t\t\t\n\t\t\t\t\t\t\t\t\t<div class=\"elementor-cta__description elementor-cta__content-item elementor-content-item\">\n\t\t\t\t\t\t<p>L'a\u00e9roport de Milan Linate (LIN) fait partie du trio d'a\u00e9roports reliant Milan au reste du monde, apr\u00e8s l'a\u00e9roport de Malpensa. Notamment nomm\u00e9 Airport Enrico Forlanini, il a la particularit\u00e9 d'\u00eatre <b>l'a\u00e9roport le plus proche de Milan<\/b>, situ\u00e9 \u00e0 seulement 8 km au sud-est du centre-ville.<\/p>\n\t\t\t\t\t<\/div>\n\t\t\t\t\n\t\t\t\t\t\t\t<\/div>\n\t\t\t\t\t\t<\/a>\n\t\t\t\t<\/div>\n\t\t\t\t<\/div>\n\t\t\t\t<\/div>\n\t\t\t\t\t<\/div>\n\t\t\t\t<\/div>\n\t\t\t\t\t\t\t<\/div>\n\t\t","protected":false},"excerpt":{"rendered":"<p>A\u00e9roport de Bergame L&#8217;a\u00e9roport de Bergame (BGY), officiellement connu sous le nom d&#8217;a\u00e9roport d&#8217;Orio Al Serio en raison de sa localisation dans la municipalit\u00e9 d&#8217;Orio al Serio, sert de principal hub pour les compagnies a\u00e9riennes \u00e0 bas co\u00fbts desservant la r\u00e9gion de Milan. Plus de 13 millions de passagers par an Situated \u00e0 30 miles [&hellip;]<\/p>\n","protected":false},"author":1,"featured_media":0,"parent":5994,"menu_order":0,"comment_status":"closed","ping_status":"closed","template":"elementor_header_footer","meta":{"footnotes":""},"class_list":["post-6028","page","type-page","status-publish","hentry"],"acf":[],"_links":{"self":[{"href":"https:\/\/www.milanpublictransportation.com\/fr\/wp-json\/wp\/v2\/pages\/6028","targetHints":{"allow":["GET"]}}],"collection":[{"href":"https:\/\/www.milanpublictransportation.com\/fr\/wp-json\/wp\/v2\/pages"}],"about":[{"href":"https:\/\/www.milanpublictransportation.com\/fr\/wp-json\/wp\/v2\/types\/page"}],"author":[{"embeddable":true,"href":"https:\/\/www.milanpublictransportation.com\/fr\/wp-json\/wp\/v2\/users\/1"}],"replies":[{"embeddable":true,"href":"https:\/\/www.milanpublictransportation.com\/fr\/wp-json\/wp\/v2\/comments?post=6028"}],"version-history":[{"count":1,"href":"https:\/\/www.milanpublictransportation.com\/fr\/wp-json\/wp\/v2\/pages\/6028\/revisions"}],"predecessor-version":[{"id":6029,"href":"https:\/\/www.milanpublictransportation.com\/fr\/wp-json\/wp\/v2\/pages\/6028\/revisions\/6029"}],"up":[{"embeddable":true,"href":"https:\/\/www.milanpublictransportation.com\/fr\/wp-json\/wp\/v2\/pages\/5994"}],"wp:attachment":[{"href":"https:\/\/www.milanpublictransportation.com\/fr\/wp-json\/wp\/v2\/media?parent=6028"}],"curies":[{"name":"wp","href":"https:\/\/api.w.org\/{rel}","templated":true}]}}