{"id":6010,"date":"2023-11-23T17:14:39","date_gmt":"2023-11-23T16:14:39","guid":{"rendered":"https:\/\/www.milanpublictransportation.com\/transferes-do-aeroporto\/aeroporto-de-milao-malpensa\/"},"modified":"2023-11-29T11:43:31","modified_gmt":"2023-11-29T10:43:31","slug":"aeroporto-de-milao-malpensa","status":"publish","type":"page","link":"https:\/\/www.milanpublictransportation.com\/pt-pt\/transferes-do-aeroporto\/aeroporto-de-milao-malpensa\/","title":{"rendered":"Aeroporto de Mil\u00e3o Malpensa"},"content":{"rendered":"\t\t<div data-elementor-type=\"wp-page\" data-elementor-id=\"6010\" class=\"elementor elementor-6010 elementor-4744\" data-elementor-post-type=\"page\">\n\t\t\t\t\t\t\t<div class=\"elementor-element elementor-element-a9f08b6 e-flex e-con-boxed e-con e-parent\" data-id=\"a9f08b6\" data-element_type=\"container\" data-settings=\"{&quot;background_background&quot;:&quot;classic&quot;,&quot;content_width&quot;:&quot;boxed&quot;}\" data-core-v316-plus=\"true\">\n\t\t\t\t\t<div class=\"e-con-inner\">\n\t\t<div class=\"elementor-element elementor-element-02942d9 e-con-full e-flex e-con e-child\" data-id=\"02942d9\" data-element_type=\"container\" data-settings=\"{&quot;content_width&quot;:&quot;full&quot;,&quot;background_background&quot;:&quot;classic&quot;}\">\n\t\t\t\t<div class=\"elementor-element elementor-element-c1fe0ad elementor-widget elementor-widget-shortcode\" data-id=\"c1fe0ad\" data-element_type=\"widget\" data-widget_type=\"shortcode.default\">\n\t\t\t\t<div class=\"elementor-widget-container\">\n\t\t\t\t\t<div class=\"elementor-shortcode\"><nav aria-label=\"breadcrumbs\" class=\"rank-math-breadcrumb\"><p><span class=\"last\">Milan Public Transportation<\/span><\/p><\/nav><\/div>\n\t\t\t\t<\/div>\n\t\t\t\t<\/div>\n\t\t\t\t<div class=\"elementor-element elementor-element-5456812 elementor-widget elementor-widget-heading\" data-id=\"5456812\" data-element_type=\"widget\" data-widget_type=\"heading.default\">\n\t\t\t\t<div class=\"elementor-widget-container\">\n\t\t\t<style>\/*! elementor - v3.18.0 - 20-12-2023 *\/\n.elementor-heading-title{padding:0;margin:0;line-height:1}.elementor-widget-heading .elementor-heading-title[class*=elementor-size-]>a{color:inherit;font-size:inherit;line-height:inherit}.elementor-widget-heading .elementor-heading-title.elementor-size-small{font-size:15px}.elementor-widget-heading .elementor-heading-title.elementor-size-medium{font-size:19px}.elementor-widget-heading .elementor-heading-title.elementor-size-large{font-size:29px}.elementor-widget-heading .elementor-heading-title.elementor-size-xl{font-size:39px}.elementor-widget-heading .elementor-heading-title.elementor-size-xxl{font-size:59px}<\/style><h1 class=\"elementor-heading-title elementor-size-default\">Aeroporto de Mil\u00e3o Malpensa<\/h1>\t\t<\/div>\n\t\t\t\t<\/div>\n\t\t\t\t<div class=\"elementor-element elementor-element-67cca1e elementor-widget elementor-widget-text-editor\" data-id=\"67cca1e\" data-element_type=\"widget\" data-widget_type=\"text-editor.default\">\n\t\t\t\t<div class=\"elementor-widget-container\">\n\t\t\t<style>\/*! elementor - v3.18.0 - 20-12-2023 *\/\n.elementor-widget-text-editor.elementor-drop-cap-view-stacked .elementor-drop-cap{background-color:#69727d;color:#fff}.elementor-widget-text-editor.elementor-drop-cap-view-framed .elementor-drop-cap{color:#69727d;border:3px solid;background-color:transparent}.elementor-widget-text-editor:not(.elementor-drop-cap-view-default) .elementor-drop-cap{margin-top:8px}.elementor-widget-text-editor:not(.elementor-drop-cap-view-default) .elementor-drop-cap-letter{width:1em;height:1em}.elementor-widget-text-editor .elementor-drop-cap{float:left;text-align:center;line-height:1;font-size:50px}.elementor-widget-text-editor .elementor-drop-cap-letter{display:inline-block}<\/style>\t\t\t\t<p>O Aeroporto de Mil\u00e3o Malpensa (MXP) \u00e9 o <strong>maior aeroporto internacional de Mil\u00e3o<\/strong>, atendendo ao maior volume de passageiros. <strong>Anualmente<\/strong>, <strong>mais de 28 milh\u00f5es de viajantes<\/strong> embarcam em jornadas de e para Malpensa, consolidando sua posi\u00e7\u00e3o como o segundo aeroporto mais significativo da It\u00e1lia, ficando atr\u00e1s apenas do Fiumicino, em Roma.<\/p>\n<p>No entanto, uma desvantagem deste aeroporto \u00e9 a sua consider\u00e1vel dist\u00e2ncia do centro da cidade de Mil\u00e3o. <strong>Localizado a 25 milhas (40 km) a noroeste de Mil\u00e3o<\/strong>, requer que os viajantes percorram uma dist\u00e2ncia substancial para chegar ao cora\u00e7\u00e3o da cidade.<\/p>\n\t\t\t\t\t\t<\/div>\n\t\t\t\t<\/div>\n\t\t\t\t<\/div>\n\t\t\t\t\t<\/div>\n\t\t\t\t<\/div>\n\t\t<div class=\"elementor-element elementor-element-23183d6 e-flex e-con-boxed e-con e-parent\" data-id=\"23183d6\" data-element_type=\"container\" data-settings=\"{&quot;background_background&quot;:&quot;classic&quot;,&quot;content_width&quot;:&quot;boxed&quot;}\" data-core-v316-plus=\"true\">\n\t\t\t\t\t<div class=\"e-con-inner\">\n\t\t<div class=\"elementor-element elementor-element-6ae3ab7 border-title e-con-full e-flex e-con e-child\" data-id=\"6ae3ab7\" data-element_type=\"container\" data-settings=\"{&quot;content_width&quot;:&quot;full&quot;}\">\n\t\t\t\t<div class=\"elementor-element elementor-element-417b901 elementor-widget elementor-widget-heading\" data-id=\"417b901\" data-element_type=\"widget\" data-widget_type=\"heading.default\">\n\t\t\t\t<div class=\"elementor-widget-container\">\n\t\t\t<h2 class=\"elementor-heading-title elementor-size-default\">Terminais<\/h2>\t\t<\/div>\n\t\t\t\t<\/div>\n\t\t\t\t<div class=\"elementor-element elementor-element-d8cba3e elementor-widget__width-initial elementor-widget elementor-widget-text-editor\" data-id=\"d8cba3e\" data-element_type=\"widget\" data-widget_type=\"text-editor.default\">\n\t\t\t\t<div class=\"elementor-widget-container\">\n\t\t\t\t\t\t\t<p>O Aeroporto de Malpensa \u00e9 composto por <strong>dois terminais<\/strong> situados a uma dist\u00e2ncia consider\u00e1vel um do outro. \u00c9 aconselh\u00e1vel confirmar o terminal de partida com anteced\u00eancia, pois as <strong>op\u00e7\u00f5es de transporte por \u00f4nibus ou trem podem variar para cada terminal<\/strong>. Em caso de um equ\u00edvoco que leve ao terminal errado, n\u00e3o h\u00e1 motivo para se preocupar, pois <strong>ambos os terminais est\u00e3o conectados de forma eficiente por um servi\u00e7o de \u00f4nibus gratuito<\/strong> que opera a cada 7 minutos.<\/p>\n<p>Normalmente, as companhias a\u00e9reas tradicionais operam no Terminal 1, enquanto o Terminal 2 atende \u00e0s companhias a\u00e9reas de baixo custo, com foco em operadoras como a EasyJet.<\/p>\n\t\t\t\t\t\t<\/div>\n\t\t\t\t<\/div>\n\t\t\t\t<\/div>\n\t\t<div class=\"elementor-element elementor-element-c65022b border-title e-con-full e-flex e-con e-child\" data-id=\"c65022b\" data-element_type=\"container\" data-settings=\"{&quot;content_width&quot;:&quot;full&quot;}\">\n\t\t\t\t<div class=\"elementor-element elementor-element-fc5853c elementor-widget elementor-widget-image\" data-id=\"fc5853c\" data-element_type=\"widget\" data-widget_type=\"image.default\">\n\t\t\t\t<div class=\"elementor-widget-container\">\n\t\t\t<style>\/*! elementor - v3.18.0 - 20-12-2023 *\/\n.elementor-widget-image{text-align:center}.elementor-widget-image a{display:inline-block}.elementor-widget-image a img[src$=\".svg\"]{width:48px}.elementor-widget-image img{vertical-align:middle;display:inline-block}<\/style>\t\t\t\t\t\t\t\t\t\t\t\t<img fetchpriority=\"high\" decoding=\"async\" width=\"800\" height=\"533\" src=\"https:\/\/www.milanpublictransportation.com\/wp-content\/uploads\/2023\/11\/milan_public_transportation_12.jpg\" class=\"attachment-large size-large wp-image-5564\" alt=\"\" srcset=\"https:\/\/www.milanpublictransportation.com\/wp-content\/uploads\/2023\/11\/milan_public_transportation_12.jpg 900w, https:\/\/www.milanpublictransportation.com\/wp-content\/uploads\/2023\/11\/milan_public_transportation_12-300x200.jpg 300w, https:\/\/www.milanpublictransportation.com\/wp-content\/uploads\/2023\/11\/milan_public_transportation_12-768x512.jpg 768w, https:\/\/www.milanpublictransportation.com\/wp-content\/uploads\/2023\/11\/milan_public_transportation_12-600x400.jpg 600w\" sizes=\"(max-width: 800px) 100vw, 800px\" \/>\t\t\t\t\t\t\t\t\t\t\t\t\t\t\t<\/div>\n\t\t\t\t<\/div>\n\t\t\t\t<\/div>\n\t\t\t\t\t<\/div>\n\t\t\t\t<\/div>\n\t\t<div class=\"elementor-element elementor-element-6245c68 e-flex e-con-boxed e-con e-parent\" data-id=\"6245c68\" data-element_type=\"container\" data-settings=\"{&quot;content_width&quot;:&quot;boxed&quot;}\" data-core-v316-plus=\"true\">\n\t\t\t\t\t<div class=\"e-con-inner\">\n\t\t<div class=\"elementor-element elementor-element-2d40ab1 e-flex e-con-boxed e-con e-child\" data-id=\"2d40ab1\" data-element_type=\"container\" data-settings=\"{&quot;content_width&quot;:&quot;boxed&quot;}\">\n\t\t\t\t\t<div class=\"e-con-inner\">\n\t\t\t\t<div class=\"elementor-element elementor-element-7379ac7 elementor-widget__width-inherit elementor-widget elementor-widget-heading\" data-id=\"7379ac7\" data-element_type=\"widget\" data-widget_type=\"heading.default\">\n\t\t\t\t<div class=\"elementor-widget-container\">\n\t\t\t<h2 class=\"elementor-heading-title elementor-size-default\">Chegar do Aeroporto de Malpensa a Mil\u00e3o.<\/h2>\t\t<\/div>\n\t\t\t\t<\/div>\n\t\t\t\t<div class=\"elementor-element elementor-element-e4aded7 elementor-widget__width-inherit elementor-widget elementor-widget-heading\" data-id=\"e4aded7\" data-element_type=\"widget\" data-widget_type=\"heading.default\">\n\t\t\t\t<div class=\"elementor-widget-container\">\n\t\t\t<h3 class=\"elementor-heading-title elementor-size-default\">Trem<\/h3>\t\t<\/div>\n\t\t\t\t<\/div>\n\t\t\t\t<div class=\"elementor-element elementor-element-4c1223b elementor-widget__width-inherit elementor-widget elementor-widget-text-editor\" data-id=\"4c1223b\" data-element_type=\"widget\" data-widget_type=\"text-editor.default\">\n\t\t\t\t<div class=\"elementor-widget-container\">\n\t\t\t\t\t\t\t<p><strong>Dois servi\u00e7os de trem<\/strong>, Malpensa Express e Trenitalia, <strong>conectam o Terminal 1<\/strong> ao centro da cidade de Mil\u00e3o. O <strong>Malpensa Express<\/strong>, que opera a cada 20 a 40 minutos, leva aproximadamente 50 minutos para chegar a Milano Centrale, Cadorna ou Milan Porta Garibaldi. Um bilhete \u00fanico para Milano Centrale ou Cadorna custa \u20ac13 (US$14.20), e os trens operam aproximadamente a cada 15 minutos.<\/p>\n\t\t\t\t\t\t<\/div>\n\t\t\t\t<\/div>\n\t\t\t\t\t<\/div>\n\t\t\t\t<\/div>\n\t\t<div class=\"elementor-element elementor-element-20d6d11 e-flex e-con-boxed e-con e-child\" data-id=\"20d6d11\" data-element_type=\"container\" data-settings=\"{&quot;content_width&quot;:&quot;boxed&quot;}\">\n\t\t\t\t\t<div class=\"e-con-inner\">\n\t\t\t\t<div class=\"elementor-element elementor-element-c189cf5 elementor-widget__width-inherit elementor-widget elementor-widget-heading\" data-id=\"c189cf5\" data-element_type=\"widget\" data-widget_type=\"heading.default\">\n\t\t\t\t<div class=\"elementor-widget-container\">\n\t\t\t<h3 class=\"elementor-heading-title elementor-size-default\">Autocarro<\/h3>\t\t<\/div>\n\t\t\t\t<\/div>\n\t\t\t\t<div class=\"elementor-element elementor-element-c91de25 elementor-widget__width-inherit elementor-widget elementor-widget-text-editor\" data-id=\"c91de25\" data-element_type=\"widget\" data-widget_type=\"text-editor.default\">\n\t\t\t\t<div class=\"elementor-widget-container\">\n\t\t\t\t\t\t\t<p>A Autostradale, a empresa de \u00f4nibus, oferece u<strong>m servi\u00e7o regular que conecta a Esta\u00e7\u00e3o Central de Mil\u00e3o com ambos os terminais no Aeroporto de Malpensa<\/strong>. Os \u00f4nibus partem de Mil\u00e3o para o aeroporto entre as 4h e as 23h, enquanto de Malpensa, o primeiro \u00f4nibus parte \u00e0s 6h, continuando at\u00e9 as 12h30 (meia-noite). As <strong>partidas ocorrem a cada 20 minutos<\/strong>, e a viagem leva quase uma hora para chegar ao centro da cidade. A tarifa do \u00f4nibus \u00e9 de \u20ac8 (US$8,70) para uma viagem de ida ou \u20ac14 (US$15,30) para um bilhete de ida e volta. Crian\u00e7as de 3 a 11 anos pagam \u20ac5 (US$5,50) por viagem.<\/p>\n\t\t\t\t\t\t<\/div>\n\t\t\t\t<\/div>\n\t\t\t\t\t<\/div>\n\t\t\t\t<\/div>\n\t\t<div class=\"elementor-element elementor-element-54660eb e-flex e-con-boxed e-con e-child\" data-id=\"54660eb\" data-element_type=\"container\" data-settings=\"{&quot;content_width&quot;:&quot;boxed&quot;}\">\n\t\t\t\t\t<div class=\"e-con-inner\">\n\t\t\t\t<div class=\"elementor-element elementor-element-c45798b elementor-widget__width-inherit elementor-widget elementor-widget-heading\" data-id=\"c45798b\" data-element_type=\"widget\" data-widget_type=\"heading.default\">\n\t\t\t\t<div class=\"elementor-widget-container\">\n\t\t\t<h3 class=\"elementor-heading-title elementor-size-default\">Servi\u00e7o de transfer\u00eancia<\/h3>\t\t<\/div>\n\t\t\t\t<\/div>\n\t\t\t\t<div class=\"elementor-element elementor-element-dec2389 elementor-widget__width-inherit elementor-widget elementor-widget-text-editor\" data-id=\"dec2389\" data-element_type=\"widget\" data-widget_type=\"text-editor.default\">\n\t\t\t\t<div class=\"elementor-widget-container\">\n\t\t\t\t\t\t\t<p>Para uma op\u00e7\u00e3o tranquila e confort\u00e1vel, considere reservar um <strong>servi\u00e7o privado de transfer\u00eancia do aeroporto<\/strong>. Um motorista aguarda voc\u00ea em seu terminal com uma placa personalizada e garante uma transfer\u00eancia direta para o seu hotel. Para garantir uma jornada sem complica\u00e7\u00f5es e evitar qualquer mal-entendido, a <strong>reserva online<\/strong> para um servi\u00e7o privado de transfer\u00eancia do aeroporto est\u00e1 dispon\u00edvel por um custo de \u20ac131 (US$142,90).<\/p>\n\t\t\t\t\t\t<\/div>\n\t\t\t\t<\/div>\n\t\t\t\t\t<\/div>\n\t\t\t\t<\/div>\n\t\t<div class=\"elementor-element elementor-element-8a12804 e-flex e-con-boxed e-con e-child\" data-id=\"8a12804\" data-element_type=\"container\" data-settings=\"{&quot;content_width&quot;:&quot;boxed&quot;}\">\n\t\t\t\t\t<div class=\"e-con-inner\">\n\t\t\t\t<div class=\"elementor-element elementor-element-adda4de elementor-widget__width-inherit elementor-widget elementor-widget-heading\" data-id=\"adda4de\" data-element_type=\"widget\" data-widget_type=\"heading.default\">\n\t\t\t\t<div class=\"elementor-widget-container\">\n\t\t\t<h3 class=\"elementor-heading-title elementor-size-default\">Taxi<\/h3>\t\t<\/div>\n\t\t\t\t<\/div>\n\t\t\t\t<div class=\"elementor-element elementor-element-c29763c elementor-widget__width-inherit elementor-widget elementor-widget-text-editor\" data-id=\"c29763c\" data-element_type=\"widget\" data-widget_type=\"text-editor.default\">\n\t\t\t\t<div class=\"elementor-widget-container\">\n\t\t\t\t\t\t\t<p>Embora pegar um t\u00e1xi do Aeroporto de Malpensa para o centro da cidade de Mil\u00e3o seja conveniente, isso envolve um custo mais elevado devido \u00e0 dist\u00e2ncia. O <strong>pre\u00e7o fixo<\/strong> para a viagem \u00e9 de \u20ac100 (US$109,10), com um tempo de viagem de aproximadamente 50 minutos. N\u00e3o devem ser aplicadas taxas adicionais durante a viagem.<\/p>\n\t\t\t\t\t\t<\/div>\n\t\t\t\t<\/div>\n\t\t\t\t\t<\/div>\n\t\t\t\t<\/div>\n\t\t\t\t\t<\/div>\n\t\t\t\t<\/div>\n\t\t<div class=\"elementor-element elementor-element-0f82c3b e-flex e-con-boxed e-con e-parent\" data-id=\"0f82c3b\" data-element_type=\"container\" data-settings=\"{&quot;content_width&quot;:&quot;boxed&quot;}\" data-core-v316-plus=\"true\">\n\t\t\t\t\t<div class=\"e-con-inner\">\n\t\t\t\t<div class=\"elementor-element elementor-element-e65bf8c elementor-widget__width-inherit elementor-widget elementor-widget-heading\" data-id=\"e65bf8c\" data-element_type=\"widget\" data-widget_type=\"heading.default\">\n\t\t\t\t<div class=\"elementor-widget-container\">\n\t\t\t<h2 class=\"elementor-heading-title elementor-size-default\">Descubra os outros aeroportos de Mil\u00e3o.<\/h2>\t\t<\/div>\n\t\t\t\t<\/div>\n\t\t<div class=\"elementor-element elementor-element-4bd3504 e-con-full e-flex e-con e-child\" data-id=\"4bd3504\" data-element_type=\"container\" data-settings=\"{&quot;content_width&quot;:&quot;full&quot;}\">\n\t\t\t\t<div class=\"elementor-element elementor-element-a224300 elementor-cta--skin-cover elementor-widget__width-initial elementor-widget elementor-widget-call-to-action\" data-id=\"a224300\" data-element_type=\"widget\" data-widget_type=\"call-to-action.default\">\n\t\t\t\t<div class=\"elementor-widget-container\">\n\t\t\t<link rel=\"stylesheet\" href=\"https:\/\/www.milanpublictransportation.com\/wp-content\/plugins\/elementor-pro\/assets\/css\/widget-call-to-action.min.css\">\t\t<a class=\"elementor-cta\" href=\"https:\/\/www.milanpublictransportation.com\/airport-transfers\/milan-linate-airport\/\">\n\t\t\t\t\t<div class=\"elementor-cta__bg-wrapper\">\n\t\t\t\t<div class=\"elementor-cta__bg elementor-bg\" style=\"background-image: url();\" role=\"img\" aria-label=\"\"><\/div>\n\t\t\t\t<div class=\"elementor-cta__bg-overlay\"><\/div>\n\t\t\t<\/div>\n\t\t\t\t\t\t\t<div class=\"elementor-cta__content\">\n\t\t\t\t\n\t\t\t\t\t\t\t\t\t<h3 class=\"elementor-cta__title elementor-cta__content-item elementor-content-item\">\n\t\t\t\t\t\tAeroporto de Mil\u00e3o Linate (LIN)\t\t\t\t\t<\/h3>\n\t\t\t\t\n\t\t\t\t\t\t\t\t\t<div class=\"elementor-cta__description elementor-cta__content-item elementor-content-item\">\n\t\t\t\t\t\t<p>O Aeroporto de Mil\u00e3o Linate (LIN) faz parte do trio de aeroportos que ligam Mil\u00e3o a todo o mundo, a seguir ao Aeroporto de Malpensa, de maiores dimens\u00f5es. Nomeadamente o Aeroporto Enrico Forlanini, tem a distin\u00e7\u00e3o de ser o <b>aeroporto mais pr\u00f3ximo de Mil\u00e3o<\/b>, situado a apenas 8 km (5 milhas) a sudeste do centro da cidade.<\/p>\n\t\t\t\t\t<\/div>\n\t\t\t\t\n\t\t\t\t\t\t\t<\/div>\n\t\t\t\t\t\t<\/a>\n\t\t\t\t<\/div>\n\t\t\t\t<\/div>\n\t\t\t\t<div class=\"elementor-element elementor-element-f98cbb6 elementor-cta--skin-cover elementor-widget__width-initial elementor-widget elementor-widget-call-to-action\" data-id=\"f98cbb6\" data-element_type=\"widget\" data-widget_type=\"call-to-action.default\">\n\t\t\t\t<div class=\"elementor-widget-container\">\n\t\t\t\t\t<a class=\"elementor-cta\" href=\"https:\/\/www.milanpublictransportation.com\/airport-transfers\/bergamo-airport\/\">\n\t\t\t\t\t<div class=\"elementor-cta__bg-wrapper\">\n\t\t\t\t<div class=\"elementor-cta__bg elementor-bg\" style=\"background-image: url();\" role=\"img\" aria-label=\"\"><\/div>\n\t\t\t\t<div class=\"elementor-cta__bg-overlay\"><\/div>\n\t\t\t<\/div>\n\t\t\t\t\t\t\t<div class=\"elementor-cta__content\">\n\t\t\t\t\n\t\t\t\t\t\t\t\t\t<h3 class=\"elementor-cta__title elementor-cta__content-item elementor-content-item\">\n\t\t\t\t\t\tAeroporto de Bergamo (BGY)\t\t\t\t\t<\/h3>\n\t\t\t\t\n\t\t\t\t\t\t\t\t\t<div class=\"elementor-cta__description elementor-cta__content-item elementor-content-item\">\n\t\t\t\t\t\t<p>O Aeroporto de B\u00e9rgamo (BGY), <b>oficialmente conhecido como Aeroporto Orio Al Serio<\/b>, serve como principal plataforma de correspond\u00eancia para as companhias a\u00e9reas de baixo custo que servem a regi\u00e3o de Mil\u00e3o. Situado a 30 milhas (45 km) do centro da cidade, o Aeroporto de Bergamo rivaliza com a dist\u00e2ncia do principal aeroporto internacional de Mil\u00e3o, o Aeroporto de Malpensa.<\/p>\n\t\t\t\t\t<\/div>\n\t\t\t\t\n\t\t\t\t\t\t\t<\/div>\n\t\t\t\t\t\t<\/a>\n\t\t\t\t<\/div>\n\t\t\t\t<\/div>\n\t\t\t\t<\/div>\n\t\t\t\t\t<\/div>\n\t\t\t\t<\/div>\n\t\t\t\t\t\t\t<\/div>\n\t\t","protected":false},"excerpt":{"rendered":"<p>Aeroporto de Mil\u00e3o Malpensa O Aeroporto de Mil\u00e3o Malpensa (MXP) \u00e9 o maior aeroporto internacional de Mil\u00e3o, atendendo ao maior volume de passageiros. Anualmente, mais de 28 milh\u00f5es de viajantes embarcam em jornadas de e para Malpensa, consolidando sua posi\u00e7\u00e3o como o segundo aeroporto mais significativo da It\u00e1lia, ficando atr\u00e1s apenas do Fiumicino, em Roma. [&hellip;]<\/p>\n","protected":false},"author":1,"featured_media":0,"parent":6000,"menu_order":0,"comment_status":"closed","ping_status":"closed","template":"elementor_header_footer","meta":{"footnotes":""},"class_list":["post-6010","page","type-page","status-publish","hentry"],"acf":[],"_links":{"self":[{"href":"https:\/\/www.milanpublictransportation.com\/pt-pt\/wp-json\/wp\/v2\/pages\/6010","targetHints":{"allow":["GET"]}}],"collection":[{"href":"https:\/\/www.milanpublictransportation.com\/pt-pt\/wp-json\/wp\/v2\/pages"}],"about":[{"href":"https:\/\/www.milanpublictransportation.com\/pt-pt\/wp-json\/wp\/v2\/types\/page"}],"author":[{"embeddable":true,"href":"https:\/\/www.milanpublictransportation.com\/pt-pt\/wp-json\/wp\/v2\/users\/1"}],"replies":[{"embeddable":true,"href":"https:\/\/www.milanpublictransportation.com\/pt-pt\/wp-json\/wp\/v2\/comments?post=6010"}],"version-history":[{"count":1,"href":"https:\/\/www.milanpublictransportation.com\/pt-pt\/wp-json\/wp\/v2\/pages\/6010\/revisions"}],"predecessor-version":[{"id":6011,"href":"https:\/\/www.milanpublictransportation.com\/pt-pt\/wp-json\/wp\/v2\/pages\/6010\/revisions\/6011"}],"up":[{"embeddable":true,"href":"https:\/\/www.milanpublictransportation.com\/pt-pt\/wp-json\/wp\/v2\/pages\/6000"}],"wp:attachment":[{"href":"https:\/\/www.milanpublictransportation.com\/pt-pt\/wp-json\/wp\/v2\/media?parent=6010"}],"curies":[{"name":"wp","href":"https:\/\/api.w.org\/{rel}","templated":true}]}}